{"id":30675,"date":"2024-03-11T17:33:48","date_gmt":"2024-03-11T16:33:48","guid":{"rendered":"https:\/\/artentika.art\/ueber\/"},"modified":"2024-06-18T12:08:32","modified_gmt":"2024-06-18T10:08:32","slug":"ueber","status":"publish","type":"page","link":"https:\/\/artentika.art\/de\/ueber\/","title":{"rendered":"\u00dcber uns"},"content":{"rendered":"<p>[et_pb_section fb_built=&#8220;1&#8243; _builder_version=&#8220;4.24.2&#8243; _module_preset=&#8220;default&#8220; background_color=&#8220;#F9FBFD&#8220; da_disable_devices=&#8220;off|off|off&#8220; border_width_bottom=&#8220;1px&#8220; border_color_bottom=&#8220;#7569CC&#8220; global_colors_info=&#8220;{}&#8220; da_is_popup=&#8220;off&#8220; da_exit_intent=&#8220;off&#8220; da_has_close=&#8220;on&#8220; da_alt_close=&#8220;off&#8220; da_dark_close=&#8220;off&#8220; da_not_modal=&#8220;on&#8220; da_is_singular=&#8220;off&#8220; da_with_loader=&#8220;off&#8220; da_has_shadow=&#8220;on&#8220;][et_pb_row _builder_version=&#8220;4.24.2&#8243; _module_preset=&#8220;default&#8220; global_colors_info=&#8220;{}&#8220;][et_pb_column type=&#8220;4_4&#8243; _builder_version=&#8220;4.24.2&#8243; _module_preset=&#8220;default&#8220; global_colors_info=&#8220;{}&#8220;][et_pb_text _builder_version=&#8220;4.24.2&#8243; _module_preset=&#8220;default&#8220; header_font=&#8220;|700|||||||&#8220; header_text_align=&#8220;center&#8220; header_font_size=&#8220;67px&#8220; header_font_size_tablet=&#8220;67px&#8220; header_font_size_phone=&#8220;45px&#8220; header_font_size_last_edited=&#8220;on|phone&#8220; global_colors_info=&#8220;{}&#8220;]<\/p>\n<h1><span style=\"color: #2d73c8;\">Wer wir sind<\/span><\/h1>\n<p>[\/et_pb_text][\/et_pb_column][\/et_pb_row][\/et_pb_section][et_pb_section fb_built=&#8220;1&#8243; _builder_version=&#8220;4.24.2&#8243; _module_preset=&#8220;default&#8220; background_color=&#8220;#F9FBFD&#8220; da_disable_devices=&#8220;off|off|off&#8220; global_colors_info=&#8220;{}&#8220; da_is_popup=&#8220;off&#8220; da_exit_intent=&#8220;off&#8220; da_has_close=&#8220;on&#8220; da_alt_close=&#8220;off&#8220; da_dark_close=&#8220;off&#8220; da_not_modal=&#8220;on&#8220; da_is_singular=&#8220;off&#8220; da_with_loader=&#8220;off&#8220; da_has_shadow=&#8220;on&#8220;][et_pb_row _builder_version=&#8220;4.24.2&#8243; _module_preset=&#8220;default&#8220; global_colors_info=&#8220;{}&#8220;][et_pb_column type=&#8220;4_4&#8243; _builder_version=&#8220;4.24.2&#8243; _module_preset=&#8220;default&#8220; global_colors_info=&#8220;{}&#8220;][et_pb_text _builder_version=&#8220;4.24.2&#8243; _module_preset=&#8220;default&#8220; text_text_color=&#8220;#0A0A0A&#8220; text_font_size=&#8220;18px&#8220; header_2_font=&#8220;|700|||||||&#8220; header_2_font_size=&#8220;52px&#8220; header_2_font_size_tablet=&#8220;52px&#8220; header_2_font_size_phone=&#8220;40px&#8220; header_2_font_size_last_edited=&#8220;on|phone&#8220; global_colors_info=&#8220;{}&#8220;]<\/p>\n<h2>Die Artentika-Geschichte<\/h2>\n<p>&nbsp;<\/p>\n<p>Unser Kunstforschungsprojekt begann 2008, als wir feststellten, dass es dringend notwendig war, Werkzeuge zu entwickeln, um die Kunstwelt vor dem allgegenw\u00e4rtigen Betrug zu sch\u00fctzen. Artentika (Pty) Limited wurde 2017 in S\u00fcdafrika gegr\u00fcndet und erfand eine bahnbrechende L\u00f6sung zur Kunstauthentifizierung, die 2022 in den Vereinigten Staaten patentiert wurde. Einzigartig ist, dass es multimodal ist und mehrere Spitzentechnologien im Bereich der Bild- und Materialanalyse mit datengesteuerten Ans\u00e4tzen kombiniert. K\u00fcnstliche Intelligenz spielt ebenfalls eine Rolle, aber KI ist kein Allheilmittel und kann nicht isoliert eingesetzt werden. In der Tat liegt der wahre Wert der Wissenschaft f\u00fcr den Bereich der Kunst darin, das Fachwissen von Kunsthistorikern, Restauratoren und Gutachtern zu erg\u00e4nzen, nicht zu ersetzen. Wir haben weitere bahnbrechende Technologien entwickelt, um F\u00e4lschungen zu entlarven, genaue Eigentumsverh\u00e4ltnisse zu ermitteln und den wahren Wert von Kunstwerken zu sch\u00fctzen.<\/p>\n<p>[\/et_pb_text][\/et_pb_column][\/et_pb_row][\/et_pb_section][et_pb_section fb_built=&#8220;1&#8243; _builder_version=&#8220;4.24.2&#8243; _module_preset=&#8220;default&#8220; background_color=&#8220;#F9FBFD&#8220; custom_padding=&#8220;4px|||||&#8220; da_disable_devices=&#8220;off|off|off&#8220; global_colors_info=&#8220;{}&#8220; da_is_popup=&#8220;off&#8220; da_exit_intent=&#8220;off&#8220; da_has_close=&#8220;on&#8220; da_alt_close=&#8220;off&#8220; da_dark_close=&#8220;off&#8220; da_not_modal=&#8220;on&#8220; da_is_singular=&#8220;off&#8220; da_with_loader=&#8220;off&#8220; da_has_shadow=&#8220;on&#8220;][et_pb_row _builder_version=&#8220;4.24.2&#8243; _module_preset=&#8220;default&#8220; global_colors_info=&#8220;{}&#8220;][et_pb_column type=&#8220;4_4&#8243; _builder_version=&#8220;4.24.2&#8243; _module_preset=&#8220;default&#8220; global_colors_info=&#8220;{}&#8220;][et_pb_text _builder_version=&#8220;4.24.2&#8243; _module_preset=&#8220;default&#8220; text_text_color=&#8220;#0A0A0A&#8220; text_font_size=&#8220;18px&#8220; header_2_font=&#8220;|700|||||||&#8220; header_2_font_size=&#8220;52px&#8220; header_2_font_size_tablet=&#8220;52px&#8220; header_2_font_size_phone=&#8220;40px&#8220; header_2_font_size_last_edited=&#8220;on|desktop&#8220; global_colors_info=&#8220;{}&#8220;]<\/p>\n<h2>Die Mannschaft<\/h2>\n<p>&nbsp;<\/p>\n<p>Wir haben ein multidisziplin\u00e4res Team aus neun erstklassigen Fachleuten mit einer beeindruckenden Erfolgsbilanz in den Bereichen Kunst, Wirtschaft, Kultur und Technologie zusammengestellt. Sie sind bereit, unseren Gesch\u00e4ftsplan umzusetzen und Werte f\u00fcr die Aktion\u00e4re zu schaffen. Vier von ihnen haben einen Doktortitel in verschiedenen Bereichen:<\/p>\n<ul>\n<li>Bildgebende Spektroskopie<\/li>\n<li>Hyperspektrale Daten<\/li>\n<li>Synthetische Chemie<\/li>\n<li>Photogrammetrie<\/li>\n<\/ul>\n<p>Unsere leitende Wissenschaftlerin im Bereich Kulturerbe, Carolien Coon, schlie\u00dft ihre Doktorarbeit zum Thema &#8222;Photodegradation und Konservierung durch Nanotechnologie&#8220; ab.<\/p>\n<p>[\/et_pb_text][\/et_pb_column][\/et_pb_row][\/et_pb_section][et_pb_section fb_built=&#8220;1&#8243; custom_padding_last_edited=&#8220;on|phone&#8220; _builder_version=&#8220;4.24.2&#8243; _module_preset=&#8220;default&#8220; background_color=&#8220;#F9FBFD&#8220; custom_padding=&#8220;0px||150px|||&#8220; custom_padding_tablet=&#8220;100px||150px|||&#8220; custom_padding_phone=&#8220;0px||||false|false&#8220; da_disable_devices=&#8220;off|off|off&#8220; border_width_bottom=&#8220;1px&#8220; border_color_bottom=&#8220;#7569CC&#8220; global_colors_info=&#8220;{}&#8220; da_is_popup=&#8220;off&#8220; da_exit_intent=&#8220;off&#8220; da_has_close=&#8220;on&#8220; da_alt_close=&#8220;off&#8220; da_dark_close=&#8220;off&#8220; da_not_modal=&#8220;on&#8220; da_is_singular=&#8220;off&#8220; da_with_loader=&#8220;off&#8220; da_has_shadow=&#8220;on&#8220;][et_pb_row column_structure=&#8220;1_3,1_3,1_3&#8243; _builder_version=&#8220;4.24.2&#8243; _module_preset=&#8220;default&#8220; max_width=&#8220;1600px&#8220; global_colors_info=&#8220;{}&#8220;][et_pb_column type=&#8220;1_3&#8243; _builder_version=&#8220;4.24.2&#8243; _module_preset=&#8220;default&#8220; custom_padding=&#8220;40px|40px|40px|40px|true|true&#8220; border_width_all=&#8220;2px&#8220; border_color_all=&#8220;#7569CC&#8220; box_shadow_style=&#8220;preset1&#8243; global_colors_info=&#8220;{}&#8220; transform_styles__hover_enabled=&#8220;on|hover&#8220; transform_scale__hover_enabled=&#8220;on|desktop&#8220; transform_translate__hover_enabled=&#8220;on|hover&#8220; transform_rotate__hover_enabled=&#8220;on|desktop&#8220; transform_skew__hover_enabled=&#8220;on|desktop&#8220; transform_origin__hover_enabled=&#8220;on|desktop&#8220; transform_translate__hover=&#8220;-10px|-10px&#8220;][et_pb_image src=&#8220;https:\/\/artentika.art\/wp-content\/uploads\/2024\/03\/Albertus-1024&#215;1024.jpg&#8220; title_text=&#8220;Albertus&#8220; align=&#8220;center&#8220; _builder_version=&#8220;4.24.2&#8243; _module_preset=&#8220;default&#8220; max_height=&#8220;328px&#8220; border_radii=&#8220;on|50%|50%|50%|50%&#8220; border_width_all=&#8220;1px&#8220; border_color_all=&#8220;#7569CC&#8220; global_colors_info=&#8220;{}&#8220; filter_saturate__hover_enabled=&#8220;off|desktop&#8220; filter_saturate__hover=&#8220;100%&#8220;][\/et_pb_image][et_pb_text _builder_version=&#8220;4.24.3&#8243; _module_preset=&#8220;default&#8220; text_font_size=&#8220;16px&#8220; header_3_font=&#8220;|700|||||||&#8220; header_4_font=&#8220;|600|||||||&#8220; header_4_text_color=&#8220;#7569CC&#8220; header_4_font_size=&#8220;16px&#8220; text_orientation=&#8220;center&#8220; global_colors_info=&#8220;{}&#8220;]<\/p>\n<h3>Herr Albertus Geldenhuys<\/h3>\n<h4>Gr\u00fcnder &amp; CEO<\/h4>\n<p>&nbsp;<\/p>\n<p style=\"text-align: left;\">Geldenhuys hat einen Bachelor-Abschluss in Wirtschaft, Sprachen und Ethnologie. Als autodidaktischer IT-Spezialist hat er verschiedene Technologien zur Aufdeckung und Verhinderung von Betrug erfunden, miterfunden und patentiert, vor allem in den Bereichen Kunst, Pharmazeutika und Biometrik. Die Artentika-Technologie zur Authentifizierung von Kunstwerken wurde von ihm entwickelt und patentiert. Geldenhuys ist zweisprachig in Afrikaans und Englisch, spricht flie\u00dfend Franz\u00f6sisch und Deutsch und zeitweise auch Italienisch.<\/p>\n<p>[\/et_pb_text][\/et_pb_column][et_pb_column type=&#8220;1_3&#8243; _builder_version=&#8220;4.24.2&#8243; _module_preset=&#8220;default&#8220; custom_padding=&#8220;40px|40px|40px|40px|true|true&#8220; border_width_all=&#8220;2px&#8220; border_color_all=&#8220;#7569CC&#8220; box_shadow_style=&#8220;preset1&#8243; global_colors_info=&#8220;{}&#8220; transform_styles__hover_enabled=&#8220;on|hover&#8220; transform_scale__hover_enabled=&#8220;on|desktop&#8220; transform_translate__hover_enabled=&#8220;on|hover&#8220; transform_rotate__hover_enabled=&#8220;on|desktop&#8220; transform_skew__hover_enabled=&#8220;on|desktop&#8220; transform_origin__hover_enabled=&#8220;on|desktop&#8220; transform_translate__hover=&#8220;-10px|-10px&#8220;][et_pb_image src=&#8220;https:\/\/artentika.art\/wp-content\/uploads\/2024\/03\/roxanne.jpg&#8220; title_text=&#8220;roxanne&#8220; align=&#8220;center&#8220; _builder_version=&#8220;4.24.2&#8243; _module_preset=&#8220;default&#8220; max_height=&#8220;328px&#8220; border_radii=&#8220;on|50%|50%|50%|50%&#8220; border_width_all=&#8220;1px&#8220; border_color_all=&#8220;#7569CC&#8220; global_colors_info=&#8220;{}&#8220; filter_saturate__hover_enabled=&#8220;off|desktop&#8220; filter_saturate__hover=&#8220;100%&#8220;][\/et_pb_image][et_pb_text _builder_version=&#8220;4.24.3&#8243; _module_preset=&#8220;default&#8220; text_font_size=&#8220;16px&#8220; header_3_font=&#8220;|700|||||||&#8220; header_4_font=&#8220;|600|||||||&#8220; header_4_text_color=&#8220;#7569CC&#8220; header_4_font_size=&#8220;16px&#8220; text_orientation=&#8220;center&#8220; global_colors_info=&#8220;{}&#8220;]<\/p>\n<h3>Prof. Roxanne Radpour<\/h3>\n<h4>Berater f\u00fcr Kunsttechnologie<\/h4>\n<p>&nbsp;<\/p>\n<p style=\"text-align: left;\">Prof. Radpour ist ein Spezialist f\u00fcr bildgebende Spektroskopie und zerst\u00f6rungsfreie chemische und physikalische Sensortechnologien. Seit \u00fcber 10 Jahren konzentriert sich ihre Forschung auf die Erforschung, Entwicklung und Anwendung von Bildgebungssystemen, Datenwissenschaft und wissenschaftliche Analyse verschiedener Arten von Kulturerbe. Ihre Arbeit auf dem Gebiet der Konservierungswissenschaft, der technischen Kunstgeschichte und der Arch\u00e4ometrie tr\u00e4gt zu unserem Verst\u00e4ndnis des materiellen Erbes bei und erm\u00f6glicht es uns, auf Fragen der Kunsterhaltung zu antworten. Sie nutzt ihre Forschung auch, um Studenten in den Bereichen Naturwissenschaften, Technik und Kunsterhaltung zu unterrichten.<\/p>\n<p>[\/et_pb_text][\/et_pb_column][et_pb_column type=&#8220;1_3&#8243; _builder_version=&#8220;4.24.2&#8243; _module_preset=&#8220;default&#8220; custom_padding=&#8220;40px|40px|40px|40px|true|true&#8220; border_width_all=&#8220;2px&#8220; border_color_all=&#8220;#7569CC&#8220; box_shadow_style=&#8220;preset1&#8243; global_colors_info=&#8220;{}&#8220; transform_styles__hover_enabled=&#8220;on|hover&#8220; transform_scale__hover_enabled=&#8220;on|desktop&#8220; transform_translate__hover_enabled=&#8220;on|hover&#8220; transform_rotate__hover_enabled=&#8220;on|desktop&#8220; transform_skew__hover_enabled=&#8220;on|desktop&#8220; transform_origin__hover_enabled=&#8220;on|desktop&#8220; transform_translate__hover=&#8220;-10px|-10px&#8220;][et_pb_image src=&#8220;https:\/\/artentika.art\/wp-content\/uploads\/2024\/03\/Sixtine.jpg&#8220; title_text=&#8220;Sixtine&#8220; align=&#8220;center&#8220; _builder_version=&#8220;4.24.2&#8243; _module_preset=&#8220;default&#8220; max_height=&#8220;328px&#8220; border_radii=&#8220;on|50%|50%|50%|50%&#8220; border_width_all=&#8220;1px&#8220; border_color_all=&#8220;#7569CC&#8220; global_colors_info=&#8220;{}&#8220; filter_saturate__hover_enabled=&#8220;off|desktop&#8220; filter_saturate__hover=&#8220;100%&#8220;][\/et_pb_image][et_pb_text _builder_version=&#8220;4.24.3&#8243; _module_preset=&#8220;default&#8220; text_font_size=&#8220;16px&#8220; header_3_font=&#8220;|700|||||||&#8220; header_4_font=&#8220;|600|||||||&#8220; header_4_text_color=&#8220;#7569CC&#8220; header_4_font_size=&#8220;16px&#8220; text_orientation=&#8220;center&#8220; global_colors_info=&#8220;{}&#8220;]<\/p>\n<h3>Frau Sixtine Crutchfield<\/h3>\n<h4>Kunsthandel Executive<\/h4>\n<p>&nbsp;<\/p>\n<p style=\"text-align: left;\">Eine bekannte Pers\u00f6nlichkeit in der Welt der sch\u00f6nen K\u00fcnste mit \u00fcber 25 Jahren Erfahrung. Sie schloss ihr Studium an der University of Denver mit einem Bachelor in Massenkommunikation einschlie\u00dflich Kunstgeschichte und Theatergeschichte ab. Ihre erste Anstellung fand sie in der weltber\u00fchmten Galerie Jan Krugier in Genf, wo sie sich als Kunsth\u00e4ndlerin auskannte. Nach ihrem Umzug nach Australien erwarb sie einen Abschluss in Unternehmensrecht an der Universit\u00e4t von Sydney. Im Jahr 2003 lud Krugier sie ein, Gesch\u00e4ftsf\u00fchrerin seiner Galerie zu werden. Sie leitete auch das Art Culture Studio von Yves Bouvier, das 2004 die Moskauer Weltmesse f\u00fcr bildende Kunst organisierte. Sie spricht flie\u00dfend Englisch, Franz\u00f6sisch und Deutsch.<\/p>\n<p>[\/et_pb_text][\/et_pb_column][\/et_pb_row][et_pb_row column_structure=&#8220;1_3,1_3,1_3&#8243; _builder_version=&#8220;4.24.2&#8243; _module_preset=&#8220;default&#8220; max_width=&#8220;1600px&#8220; global_colors_info=&#8220;{}&#8220;][et_pb_column type=&#8220;1_3&#8243; _builder_version=&#8220;4.24.2&#8243; _module_preset=&#8220;default&#8220; custom_padding=&#8220;40px|40px|40px|40px|true|true&#8220; border_width_all=&#8220;2px&#8220; border_color_all=&#8220;#7569CC&#8220; box_shadow_style=&#8220;preset1&#8243; global_colors_info=&#8220;{}&#8220; transform_styles__hover_enabled=&#8220;on|hover&#8220; transform_scale__hover_enabled=&#8220;on|desktop&#8220; transform_translate__hover_enabled=&#8220;on|hover&#8220; transform_rotate__hover_enabled=&#8220;on|desktop&#8220; transform_skew__hover_enabled=&#8220;on|desktop&#8220; transform_origin__hover_enabled=&#8220;on|desktop&#8220; transform_translate__hover=&#8220;-10px|-10px&#8220;][et_pb_image src=&#8220;https:\/\/artentika.art\/wp-content\/uploads\/2024\/03\/tanya.jpg&#8220; title_text=&#8220;tanya&#8220; align=&#8220;center&#8220; _builder_version=&#8220;4.24.2&#8243; _module_preset=&#8220;default&#8220; max_height=&#8220;328px&#8220; border_radii=&#8220;on|50%|50%|50%|50%&#8220; border_width_all=&#8220;1px&#8220; border_color_all=&#8220;#7569CC&#8220; global_colors_info=&#8220;{}&#8220; filter_saturate__hover_enabled=&#8220;off|desktop&#8220; filter_saturate__hover=&#8220;100%&#8220;][\/et_pb_image][et_pb_text _builder_version=&#8220;4.24.3&#8243; _module_preset=&#8220;default&#8220; text_font_size=&#8220;16px&#8220; header_3_font=&#8220;|700|||||||&#8220; header_4_font=&#8220;|600|||||||&#8220; header_4_text_color=&#8220;#7569CC&#8220; header_4_font_size=&#8220;16px&#8220; text_orientation=&#8220;center&#8220; global_colors_info=&#8220;{}&#8220;]<\/p>\n<h3>Dr. Tania Kleynhans<\/h3>\n<h4>Chef-Wissenschaftler<\/h4>\n<p>&nbsp;<\/p>\n<p style=\"text-align: left;\">Ein Experte f\u00fcr Hyperspektraldaten und maschinelles Lernen. Sie ist die Miterfinderin der Artentika-L\u00f6sung zur Authentifizierung von Kunst. Kleynhans besch\u00e4ftigt sich auch mit der Fernerkundung und ihren Anwendungen in verschiedenen Bereichen, darunter die Denkmalpflege und die Umwelt\u00fcberwachung. Sie hat zahlreiche Ver\u00f6ffentlichungen verfasst und ihre Arbeit auf Konferenzen weltweit vorgestellt. Zu ihren Forschungsinteressen geh\u00f6ren die Entwicklung kosteng\u00fcnstiger multispektraler Bildgebungssysteme f\u00fcr die Pigmentanalyse in Kunstwerken, die Wiederherstellung besch\u00e4digter oder verblichener historischer Dokumente und die Validierung von Oberfl\u00e4chentemperaturdaten von Satellitensensoren. Kleynhans spricht flie\u00dfend Afrikaans und Englisch.<\/p>\n<p>[\/et_pb_text][\/et_pb_column][et_pb_column type=&#8220;1_3&#8243; _builder_version=&#8220;4.24.2&#8243; _module_preset=&#8220;default&#8220; custom_padding=&#8220;40px|40px|40px|40px|true|true&#8220; border_width_all=&#8220;2px&#8220; border_color_all=&#8220;#7569CC&#8220; box_shadow_style=&#8220;preset1&#8243; global_colors_info=&#8220;{}&#8220; transform_styles__hover_enabled=&#8220;on|hover&#8220; transform_scale__hover_enabled=&#8220;on|desktop&#8220; transform_translate__hover_enabled=&#8220;on|hover&#8220; transform_rotate__hover_enabled=&#8220;on|desktop&#8220; transform_skew__hover_enabled=&#8220;on|desktop&#8220; transform_origin__hover_enabled=&#8220;on|desktop&#8220; transform_translate__hover=&#8220;-10px|-10px&#8220;][et_pb_image src=&#8220;https:\/\/artentika.art\/wp-content\/uploads\/2024\/03\/Walter-1.png&#8220; title_text=&#8220;Walter&#8220; align=&#8220;center&#8220; _builder_version=&#8220;4.24.2&#8243; _module_preset=&#8220;default&#8220; min_height=&#8220;328px&#8220; min_height_tablet=&#8220;328px&#8220; min_height_phone=&#8220;100px&#8220; min_height_last_edited=&#8220;on|phone&#8220; max_height=&#8220;328px&#8220; border_radii=&#8220;on|50%|50%|50%|50%&#8220; border_width_all=&#8220;1px&#8220; border_color_all=&#8220;#7569CC&#8220; global_colors_info=&#8220;{}&#8220; filter_saturate__hover_enabled=&#8220;off|desktop&#8220; filter_saturate__hover=&#8220;100%&#8220;][\/et_pb_image][et_pb_text _builder_version=&#8220;4.24.3&#8243; _module_preset=&#8220;default&#8220; text_font_size=&#8220;16px&#8220; header_3_font=&#8220;|700|||||||&#8220; header_4_font=&#8220;|600|||||||&#8220; header_4_text_color=&#8220;#7569CC&#8220; header_4_font_size=&#8220;16px&#8220; text_orientation=&#8220;center&#8220; global_colors_info=&#8220;{}&#8220;]<\/p>\n<h3>Herr Walter Heymans<\/h3>\n<h4>Chef-KI-Wissenschaftler<\/h4>\n<p>&nbsp;<\/p>\n<p style=\"text-align: left;\">Er hat einen Master of Engineering (cum laude) in Computertechnik und ist Experte f\u00fcr Generative Adversarial Networks (GANs), automatische Spracherkennung und Computer Vision. Heymans ist eng an der Perfektionierung unserer Authentifizierungstechnologien beteiligt und hat die Verifizierungsl\u00f6sung One2One\u00a9 entwickelt. Er ist zweisprachig in Afrikaans und Englisch.<\/p>\n<p>[\/et_pb_text][\/et_pb_column][et_pb_column type=&#8220;1_3&#8243; _builder_version=&#8220;4.24.2&#8243; _module_preset=&#8220;default&#8220; custom_padding=&#8220;40px|40px|40px|40px|true|true&#8220; border_width_all=&#8220;2px&#8220; border_color_all=&#8220;#7569CC&#8220; box_shadow_style=&#8220;preset1&#8243; global_colors_info=&#8220;{}&#8220; transform_styles__hover_enabled=&#8220;on|hover&#8220; transform_scale__hover_enabled=&#8220;on|desktop&#8220; transform_translate__hover_enabled=&#8220;on|hover&#8220; transform_rotate__hover_enabled=&#8220;on|desktop&#8220; transform_skew__hover_enabled=&#8220;on|desktop&#8220; transform_origin__hover_enabled=&#8220;on|desktop&#8220; transform_translate__hover=&#8220;-10px|-10px&#8220;][et_pb_image src=&#8220;https:\/\/artentika.art\/wp-content\/uploads\/2024\/03\/Fred-1.jpg&#8220; title_text=&#8220;Fred&#8220; align=&#8220;center&#8220; _builder_version=&#8220;4.24.2&#8243; _module_preset=&#8220;default&#8220; min_height_tablet=&#8220;328px&#8220; min_height_phone=&#8220;100px&#8220; min_height_last_edited=&#8220;off|phone&#8220; max_height=&#8220;328px&#8220; border_radii=&#8220;on|50%|50%|50%|50%&#8220; border_width_all=&#8220;1px&#8220; border_color_all=&#8220;#7569CC&#8220; global_colors_info=&#8220;{}&#8220; filter_saturate__hover_enabled=&#8220;off|desktop&#8220; filter_saturate__hover=&#8220;100%&#8220;][\/et_pb_image][et_pb_text _builder_version=&#8220;4.24.3&#8243; _module_preset=&#8220;default&#8220; text_font_size=&#8220;16px&#8220; header_3_font=&#8220;|700|||||||&#8220; header_4_font=&#8220;|600|||||||&#8220; header_4_text_color=&#8220;#7569CC&#8220; header_4_font_size=&#8220;16px&#8220; text_orientation=&#8220;center&#8220; global_colors_info=&#8220;{}&#8220;]<\/p>\n<h3>Dr. Fred Scott<\/h3>\n<h4>Exekutive f\u00fcr Kunstauthentifizierung<\/h4>\n<p>&nbsp;<\/p>\n<p style=\"text-align: left;\">Er ist ein international anerkannter Kunstberater und Kurator, der bedeutende Institutionen und Unternehmen zu seinen Kunden z\u00e4hlt. Neben seiner wissenschaftlichen Ausbildung und seinem Max-Planck-Stipendium gilt er als einer der 40 besten Kunstgutachter der Welt. Fred wurde mit der Zusammenstellung wichtiger privater und gesch\u00e4ftlicher Kunstportfolios betraut und besitzt eine au\u00dfergew\u00f6hnliche pers\u00f6nliche Kunstsammlung. Er ist zweisprachig in Englisch und Afrikaans und kann auch Franz\u00f6sisch und Deutsch lesen.<\/p>\n<p>[\/et_pb_text][\/et_pb_column][\/et_pb_row][et_pb_row column_structure=&#8220;1_3,1_3,1_3&#8243; _builder_version=&#8220;4.24.2&#8243; _module_preset=&#8220;default&#8220; max_width=&#8220;1600px&#8220; global_colors_info=&#8220;{}&#8220;][et_pb_column type=&#8220;1_3&#8243; _builder_version=&#8220;4.24.2&#8243; _module_preset=&#8220;default&#8220; custom_padding=&#8220;40px|40px|40px|40px|true|true&#8220; border_width_all=&#8220;2px&#8220; border_color_all=&#8220;#7569CC&#8220; box_shadow_style=&#8220;preset1&#8243; global_colors_info=&#8220;{}&#8220; transform_styles__hover_enabled=&#8220;on|hover&#8220; transform_scale__hover_enabled=&#8220;on|desktop&#8220; transform_translate__hover_enabled=&#8220;on|hover&#8220; transform_rotate__hover_enabled=&#8220;on|desktop&#8220; transform_skew__hover_enabled=&#8220;on|desktop&#8220; transform_origin__hover_enabled=&#8220;on|desktop&#8220; transform_translate__hover=&#8220;-10px|-10px&#8220;][et_pb_image src=&#8220;https:\/\/artentika.art\/wp-content\/uploads\/2024\/05\/Portrait_QUELLENBERG-1-scaled.jpg&#8220; title_text=&#8220;Portr\u00e4t_QUELLENBERG&#8220; align=&#8220;center&#8220; _builder_version=&#8220;4.24.3&#8243; _module_preset=&#8220;default&#8220; min_height=&#8220;328px&#8220; min_height_tablet=&#8220;328px&#8220; min_height_phone=&#8220;100px&#8220; min_height_last_edited=&#8220;on|phone&#8220; max_height=&#8220;328px&#8220; border_radii=&#8220;on|50%|50%|50%|50%&#8220; border_width_all=&#8220;1px&#8220; border_color_all=&#8220;#7569CC&#8220; global_colors_info=&#8220;{}&#8220; filter_saturate__hover_enabled=&#8220;off|desktop&#8220; filter_saturate__hover=&#8220;100%&#8220;][\/et_pb_image][et_pb_text _builder_version=&#8220;4.24.3&#8243; _module_preset=&#8220;default&#8220; text_font_size=&#8220;16px&#8220; header_3_font=&#8220;|700|||||||&#8220; header_4_font=&#8220;|600|||||||&#8220; header_4_text_color=&#8220;#7569CC&#8220; header_4_font_size=&#8220;16px&#8220; text_orientation=&#8220;center&#8220; global_colors_info=&#8220;{}&#8220;]<\/p>\n<h3>Herr Bj\u00f6rn Quellenberg<\/h3>\n<h4><span style=\"color: #7569cc;\">Exekutiv-Berater<\/span><\/h4>\n<p>&nbsp;<\/p>\n<p style=\"text-align: left;\">Bj\u00f6rn Quellenberg ist ein erfahrener Kommunikations- und Marketingexperte und bringt \u00fcber 20 Jahre Erfahrung mit zu Artentika, nachdem er die Kommunikationsstrategie des Kunsthauses Z\u00fcrich geleitet hat. Als strategischer Denker und geschickter Kommunikator hat Bj\u00f6rn eine nachgewiesene Erfolgsbilanz beim Aufbau starker Beziehungen zu Interessengruppen und bei der Erzielung wirkungsvoller Ergebnisse. Bj\u00f6rn hat einen MBA in Communication &amp; Leadership, einen Master in Kulturwissenschaften und einen Bachelor in Medienwirtschaft und Kommunikationswissenschaften. Er spricht flie\u00dfend Deutsch, Englisch und Franz\u00f6sisch.<\/p>\n<p>[\/et_pb_text][\/et_pb_column][et_pb_column type=&#8220;1_3&#8243; _builder_version=&#8220;4.24.2&#8243; _module_preset=&#8220;default&#8220; custom_padding=&#8220;40px|40px|40px|40px|true|true&#8220; border_width_all=&#8220;2px&#8220; border_color_all=&#8220;#7569CC&#8220; box_shadow_style=&#8220;preset1&#8243; global_colors_info=&#8220;{}&#8220; transform_styles__hover_enabled=&#8220;on|hover&#8220; transform_scale__hover_enabled=&#8220;on|desktop&#8220; transform_translate__hover_enabled=&#8220;on|hover&#8220; transform_rotate__hover_enabled=&#8220;on|desktop&#8220; transform_skew__hover_enabled=&#8220;on|desktop&#8220; transform_origin__hover_enabled=&#8220;on|desktop&#8220; transform_translate__hover=&#8220;-10px|-10px&#8220;][et_pb_image src=&#8220;https:\/\/artentika.art\/wp-content\/uploads\/2024\/03\/Carolien-transformed-removebg-preview.png&#8220; title_text=&#8220;Carolien-transformed-removebg-preview&#8220; align=&#8220;center&#8220; _builder_version=&#8220;4.24.2&#8243; _module_preset=&#8220;default&#8220; min_height=&#8220;328px&#8220; min_height_tablet=&#8220;328px&#8220; min_height_phone=&#8220;100px&#8220; min_height_last_edited=&#8220;on|phone&#8220; max_height=&#8220;328px&#8220; border_radii=&#8220;on|50%|50%|50%|50%&#8220; border_width_all=&#8220;1px&#8220; border_color_all=&#8220;#7569CC&#8220; global_colors_info=&#8220;{}&#8220; filter_saturate__hover_enabled=&#8220;off|desktop&#8220; filter_saturate__hover=&#8220;100%&#8220;][\/et_pb_image][et_pb_text _builder_version=&#8220;4.24.3&#8243; _module_preset=&#8220;default&#8220; text_font_size=&#8220;16px&#8220; header_3_font=&#8220;|700|||||||&#8220; header_4_font=&#8220;|600|||||||&#8220; header_4_text_color=&#8220;#7569CC&#8220; header_4_font_size=&#8220;16px&#8220; text_orientation=&#8220;center&#8220; global_colors_info=&#8220;{}&#8220;]<\/p>\n<h3>Frau Carolien Coon<\/h3>\n<h4>Chef-Wissenschaftler f\u00fcr Kulturerbe<\/h4>\n<p>&nbsp;<\/p>\n<p style=\"text-align: left;\">Ein renommierter Restaurator mit 15 Jahren Berufserfahrung. Sie ist Doktorandin am University College London und ihr Projekt tr\u00e4gt den Titel Photodegradation and nanotechnology-based conservation of RP (rapid prototyping) materials (Nanorestart)&#8220;. Coon entwickelt auch eine Methode (Microfading) zur schnellen Identifizierung lichtempfindlicher RP-Objekte. Sie ist zweisprachig in Englisch und Afrikaans.<\/p>\n<p>[\/et_pb_text][\/et_pb_column][et_pb_column type=&#8220;1_3&#8243; _builder_version=&#8220;4.24.2&#8243; _module_preset=&#8220;default&#8220; custom_padding=&#8220;40px|40px|40px|40px|true|true&#8220; border_width_all=&#8220;2px&#8220; border_color_all=&#8220;#7569CC&#8220; box_shadow_style=&#8220;preset1&#8243; global_colors_info=&#8220;{}&#8220; transform_styles__hover_enabled=&#8220;on|hover&#8220; transform_scale__hover_enabled=&#8220;on|desktop&#8220; transform_translate__hover_enabled=&#8220;on|hover&#8220; transform_rotate__hover_enabled=&#8220;on|desktop&#8220; transform_skew__hover_enabled=&#8220;on|desktop&#8220; transform_origin__hover_enabled=&#8220;on|desktop&#8220; transform_translate__hover=&#8220;-10px|-10px&#8220;][et_pb_image src=&#8220;https:\/\/artentika.art\/wp-content\/uploads\/2024\/03\/IMG_8715-removebg-preview.png&#8220; title_text=&#8220;IMG_8715-entfernenbg-vorschau&#8220; align=&#8220;center&#8220; _builder_version=&#8220;4.24.2&#8243; _module_preset=&#8220;default&#8220; min_height=&#8220;328px&#8220; min_height_tablet=&#8220;328px&#8220; min_height_phone=&#8220;100px&#8220; min_height_last_edited=&#8220;on|phone&#8220; max_height=&#8220;328px&#8220; border_radii=&#8220;on|50%|50%|50%|50%&#8220; border_width_all=&#8220;1px&#8220; border_color_all=&#8220;#7569CC&#8220; global_colors_info=&#8220;{}&#8220; filter_saturate__hover_enabled=&#8220;off|desktop&#8220; filter_saturate__hover=&#8220;100%&#8220;][\/et_pb_image][et_pb_text _builder_version=&#8220;4.24.3&#8243; _module_preset=&#8220;default&#8220; text_font_size=&#8220;16px&#8220; header_3_font=&#8220;|700|||||||&#8220; header_4_font=&#8220;|600|||||||&#8220; header_4_text_color=&#8220;#7569CC&#8220; header_4_font_size=&#8220;16px&#8220; text_orientation=&#8220;center&#8220; global_colors_info=&#8220;{}&#8220;]<\/p>\n<h3>Frau Margreta de Boer<\/h3>\n<h4>Gesellschaftssekret\u00e4r<\/h4>\n<p>&nbsp;<\/p>\n<p style=\"text-align: left;\">Sie war mehr als 24 Jahre lang in leitenden Positionen im Bankwesen in der Schweiz, auf den Bahamas und in Malta t\u00e4tig. Sie verf\u00fcgt unter anderem \u00fcber Erfahrung in den Bereichen Due Diligence, Compliance, Asset Allocation und Investmentfonds. Sie spricht flie\u00dfend Niederl\u00e4ndisch, Englisch, Italienisch und Deutsch.<\/p>\n<p>[\/et_pb_text][\/et_pb_column][\/et_pb_row][et_pb_row column_structure=&#8220;1_3,1_3,1_3&#8243; _builder_version=&#8220;4.24.3&#8243; _module_preset=&#8220;default&#8220; max_width=&#8220;1600px&#8220; hover_enabled=&#8220;0&#8243; global_colors_info=&#8220;{}&#8220; sticky_enabled=&#8220;0&#8243;][et_pb_column type=&#8220;1_3&#8243; disabled_on=&#8220;off|off|off&#8220; _builder_version=&#8220;4.24.3&#8243; _module_preset=&#8220;default&#8220; custom_padding=&#8220;40px|40px|40px|40px|true|true&#8220; border_width_all=&#8220;2px&#8220; border_color_all=&#8220;#7569CC&#8220; box_shadow_style=&#8220;preset1&#8243; global_colors_info=&#8220;{}&#8220; transform_styles__hover_enabled=&#8220;on|hover&#8220; transform_scale__hover_enabled=&#8220;on|desktop&#8220; transform_translate__hover=&#8220;-10px|-10px&#8220; transform_translate__hover_enabled=&#8220;on|hover&#8220; transform_rotate__hover_enabled=&#8220;on|desktop&#8220; transform_skew__hover_enabled=&#8220;on|desktop&#8220; transform_origin__hover_enabled=&#8220;on|desktop&#8220;][et_pb_image src=&#8220;https:\/\/artentika.art\/wp-content\/uploads\/2024\/03\/NvdM-scaled.jpg&#8220; title_text=&#8220;NvdM&#8220; align=&#8220;center&#8220; _builder_version=&#8220;4.24.2&#8243; _module_preset=&#8220;default&#8220; max_height=&#8220;328px&#8220; border_radii=&#8220;on|50%|50%|50%|50%&#8220; border_width_all=&#8220;1px&#8220; border_color_all=&#8220;#7569CC&#8220; global_colors_info=&#8220;{}&#8220; filter_saturate__hover_enabled=&#8220;off|desktop&#8220; filter_saturate__hover=&#8220;100%&#8220;][\/et_pb_image][et_pb_text _builder_version=&#8220;4.24.3&#8243; _module_preset=&#8220;default&#8220; text_font_size=&#8220;16px&#8220; header_3_font=&#8220;|700|||||||&#8220; header_4_font=&#8220;|600|||||||&#8220; header_4_text_color=&#8220;#7569CC&#8220; header_4_font_size=&#8220;16px&#8220; text_orientation=&#8220;center&#8220; global_colors_info=&#8220;{}&#8220;]<\/p>\n<h3>Dr. Nick van der Merwe<\/h3>\n<h4>Cheftechnologe<\/h4>\n<p>&nbsp;<\/p>\n<p style=\"text-align: left;\">Er hat einen Doktortitel in Ingenieurwissenschaften und ist ein leidenschaftlicher Kunstliebhaber. Seine Dissertation befasst sich mit einem Bildvergleichsverfahren f\u00fcr die Nahbereichsphotogrammetrie. Van der Merwe verf\u00fcgt \u00fcber umfassende Kenntnisse und Erfahrungen in den Bereichen Bildverarbeitung, Biometrie, Smartcards, PKI, RFID und Informationssicherheit. Er konzentriert sich auf die \u00dcberpr\u00fcfung, Kuratierung und Restaurierung von Kunstwerken. Van der Merwe spricht zweisprachig Englisch und Afrikaans.<\/p>\n<p>[\/et_pb_text][\/et_pb_column][et_pb_column type=&#8220;1_3&#8243; _builder_version=&#8220;4.24.3&#8243; _module_preset=&#8220;default&#8220; custom_padding=&#8220;40px|40px|40px|40px|true|true&#8220; border_color_all=&#8220;#7569CC&#8220; global_colors_info=&#8220;{}&#8220; transform_styles__hover_enabled=&#8220;on|hover&#8220; disabled_on=&#8220;off|off|off&#8220; border_width_all=&#8220;2px&#8220; box_shadow_style=&#8220;preset1&#8243; transform_scale__hover_enabled=&#8220;on|desktop&#8220; transform_translate__hover=&#8220;-10px|-10px&#8220; transform_translate__hover_enabled=&#8220;on|hover&#8220; transform_rotate__hover_enabled=&#8220;on|desktop&#8220; transform_skew__hover_enabled=&#8220;on|desktop&#8220; transform_origin__hover_enabled=&#8220;on|desktop&#8220;][et_pb_image src=&#8220;https:\/\/artentika.art\/wp-content\/uploads\/2024\/06\/CV-photo.jpeg&#8220; title_text=&#8220;CV-Foto&#8220; align=&#8220;center&#8220; _builder_version=&#8220;4.24.3&#8243; _module_preset=&#8220;default&#8220; max_height=&#8220;328px&#8220; hover_enabled=&#8220;0&#8243; border_radii=&#8220;on|50%|50%|50%|50%&#8220; border_width_all=&#8220;1px&#8220; border_color_all=&#8220;#7569CC&#8220; global_colors_info=&#8220;{}&#8220; filter_saturate__hover_enabled=&#8220;off|desktop&#8220; filter_saturate__hover=&#8220;100%&#8220; locked=&#8220;off&#8220; sticky_enabled=&#8220;0&#8243;][\/et_pb_image][et_pb_text _builder_version=&#8220;4.24.3&#8243; _module_preset=&#8220;default&#8220; text_font_size=&#8220;16px&#8220; header_3_font=&#8220;|700|||||||&#8220; header_4_font=&#8220;|600|||||||&#8220; header_4_text_color=&#8220;#7569CC&#8220; header_4_font_size=&#8220;16px&#8220; text_orientation=&#8220;center&#8220; hover_enabled=&#8220;0&#8243; global_colors_info=&#8220;{}&#8220; locked=&#8220;off&#8220; sticky_enabled=&#8220;0&#8243;]<\/p>\n<h3>Herr Albi Geldenhuys<\/h3>\n<h4>Direktor f\u00fcr soziale Medien und kunsthistorische Forschung<\/h4>\n<p>&nbsp;<\/p>\n<p style=\"text-align: left;\">Geldenhuys studiert derzeit Business Management und Deutsch an der Open University in London. Seit 2021 ist Albi bei Artentika in der kunsthistorischen Forschung t\u00e4tig und \u00fcbernahm 2024 die Verantwortung f\u00fcr die Entwicklung und Pflege der Artentika-Website. Er ist kompetent in Python, HTML &amp; CSS und fortgeschritten in WordPress. Er spricht flie\u00dfend Italienisch, Englisch und Afrikaans und hat gute Kenntnisse in Deutsch und Franz\u00f6sisch.<\/p>\n<p>[\/et_pb_text][\/et_pb_column][et_pb_column type=&#8220;1_3&#8243; _builder_version=&#8220;4.24.3&#8243; _module_preset=&#8220;default&#8220; custom_padding=&#8220;0px|40px|0px|40px|true|true&#8220; border_color_all=&#8220;#7569CC&#8220; global_colors_info=&#8220;{}&#8220; transform_styles__hover_enabled=&#8220;on|hover&#8220; transform_scale__hover_enabled=&#8220;on|desktop&#8220; transform_translate__hover=&#8220;-10px|-10px&#8220; transform_translate__hover_enabled=&#8220;on|hover&#8220; transform_rotate__hover_enabled=&#8220;on|desktop&#8220; transform_skew__hover_enabled=&#8220;on|desktop&#8220; transform_origin__hover_enabled=&#8220;on|desktop&#8220;][\/et_pb_column][\/et_pb_row][et_pb_row _builder_version=&#8220;4.24.2&#8243; _module_preset=&#8220;default&#8220; custom_margin=&#8220;-2px|auto||auto||&#8220; locked=&#8220;off&#8220; global_colors_info=&#8220;{}&#8220;][et_pb_column type=&#8220;4_4&#8243; _builder_version=&#8220;4.24.2&#8243; _module_preset=&#8220;default&#8220; custom_padding=&#8220;40px|40px|40px|40px|true|true&#8220; border_color_all=&#8220;#7569CC&#8220; global_colors_info=&#8220;{}&#8220;][et_pb_text _builder_version=&#8220;4.24.2&#8243; _module_preset=&#8220;default&#8220; header_4_font=&#8220;|600|||||||&#8220; header_4_text_align=&#8220;center&#8220; header_4_font_size=&#8220;32px&#8220; text_orientation=&#8220;center&#8220; global_colors_info=&#8220;{}&#8220;]<\/p>\n<h4>Sind Sie an einer <span style=\"color: #2d73c8;\">Zusammenarbeit<\/span> <span style=\"color: #2d73c8;\">mit uns<\/span> interessiert?<\/h4>\n<div id=\"gtx-trans\" style=\"position: absolute; left: 146px; top: -4.73438px;\">\n<div class=\"gtx-trans-icon\"><\/div>\n<\/div>\n<p>[\/et_pb_text][et_pb_button button_url=&#8220;https:\/\/artentika.art\/de\/kontakt\/&#8220; button_text=&#8220;Buchen Sie eine kostenlose Beratung&#8220; button_alignment=&#8220;center&#8220; _builder_version=&#8220;4.24.2&#8243; _module_preset=&#8220;default&#8220; custom_button=&#8220;on&#8220; button_text_size=&#8220;22px&#8220; button_text_color=&#8220;#FFFFFE&#8220; button_bg_color=&#8220;#2D73C8&#8243; button_border_width=&#8220;0px&#8220; button_border_color=&#8220;RGBA(255,255,255,0)&#8220; button_border_radius=&#8220;14px&#8220; button_icon=&#8220;&#x3d;||divi||400&#8243; custom_padding=&#8220;9px||9px||true|false&#8220; global_colors_info=&#8220;{}&#8220;][\/et_pb_button][\/et_pb_column][\/et_pb_row][\/et_pb_section]<\/p>\n","protected":false},"excerpt":{"rendered":"<p>Wer wir sindDie Artentika-Geschichte &nbsp; Unser Kunstforschungsprojekt begann 2008, als wir feststellten, dass es dringend notwendig war, Werkzeuge zu entwickeln, um die Kunstwelt vor dem allgegenw\u00e4rtigen Betrug zu sch\u00fctzen. Artentika (Pty) Limited wurde 2017 in S\u00fcdafrika gegr\u00fcndet und erfand eine bahnbrechende L\u00f6sung zur Kunstauthentifizierung, die 2022 in den Vereinigten Staaten patentiert wurde. Einzigartig ist, dass [&hellip;]<\/p>\n","protected":false},"author":1,"featured_media":0,"parent":0,"menu_order":0,"comment_status":"closed","ping_status":"closed","template":"","meta":{"_et_pb_use_builder":"on","_et_pb_old_content":"","_et_gb_content_width":"","footnotes":""},"class_list":["post-30675","page","type-page","status-publish","hentry"],"_links":{"self":[{"href":"https:\/\/artentika.art\/de\/wp-json\/wp\/v2\/pages\/30675","targetHints":{"allow":["GET"]}}],"collection":[{"href":"https:\/\/artentika.art\/de\/wp-json\/wp\/v2\/pages"}],"about":[{"href":"https:\/\/artentika.art\/de\/wp-json\/wp\/v2\/types\/page"}],"author":[{"embeddable":true,"href":"https:\/\/artentika.art\/de\/wp-json\/wp\/v2\/users\/1"}],"replies":[{"embeddable":true,"href":"https:\/\/artentika.art\/de\/wp-json\/wp\/v2\/comments?post=30675"}],"version-history":[{"count":23,"href":"https:\/\/artentika.art\/de\/wp-json\/wp\/v2\/pages\/30675\/revisions"}],"predecessor-version":[{"id":32519,"href":"https:\/\/artentika.art\/de\/wp-json\/wp\/v2\/pages\/30675\/revisions\/32519"}],"wp:attachment":[{"href":"https:\/\/artentika.art\/de\/wp-json\/wp\/v2\/media?parent=30675"}],"curies":[{"name":"wp","href":"https:\/\/api.w.org\/{rel}","templated":true}]}}