{"id":30693,"date":"2024-03-11T17:33:48","date_gmt":"2024-03-11T16:33:48","guid":{"rendered":"https:\/\/artentika.art\/acerca-de\/"},"modified":"2024-06-18T12:08:32","modified_gmt":"2024-06-18T10:08:32","slug":"acerca-de","status":"publish","type":"page","link":"https:\/\/artentika.art\/es\/acerca-de\/","title":{"rendered":"Acerca de nosotros"},"content":{"rendered":"<p>[et_pb_section fb_built=\u00bb1&#8243; _builder_version=\u00bb4.24.2&#8243; _module_preset=\u00bbdefault\u00bb background_color=\u00bb#F9FBFD\u00bb da_disable_devices=\u00bboff|off|off\u00bb border_width_bottom=\u00bb1px\u00bb border_color_bottom=\u00bb#7569CC\u00bb global_colors_info=\u00bb{}\u00bb da_is_popup=\u00bboff\u00bb da_exit_intent=\u00bboff\u00bb da_has_close=\u00bbon\u00bb da_alt_close=\u00bboff\u00bb da_dark_close=\u00bboff\u00bb da_not_modal=\u00bbon\u00bb da_is_singular=\u00bboff\u00bb da_with_loader=\u00bboff\u00bb da_has_shadow=\u00bbon\u00bb][et_pb_row _builder_version=\u00bb4.24.2&#8243; _module_preset=\u00bbdefault\u00bb global_colors_info=\u00bb{}\u00bb][et_pb_column type=\u00bb4_4&#8243; _builder_version=\u00bb4.24.2&#8243; _module_preset=\u00bbdefault\u00bb global_colors_info=\u00bb{}\u00bb][et_pb_text _builder_version=\u00bb4.24.2&#8243; _module_preset=\u00bbdefault\u00bb header_font=\u00bb|700|||||||\u00bb header_text_align=\u00bbcenter\u00bb header_font_size=\u00bb67px\u00bb header_font_size_tablet=\u00bb67px\u00bb header_font_size_phone=\u00bb45px\u00bb header_font_size_last_edited=\u00bbon|phone\u00bb global_colors_info=\u00bb{}\u00bb]<\/p>\n<h1><span style=\"color: #2d73c8;\">Qui\u00e9nes somos<\/span><\/h1>\n<p>[\/et_pb_text][\/et_pb_column][\/et_pb_row][\/et_pb_section][et_pb_section fb_built=\u00bb1&#8243; _builder_version=\u00bb4.24.2&#8243; _module_preset=\u00bbdefault\u00bb background_color=\u00bb#F9FBFD\u00bb da_disable_devices=\u00bboff|off|off\u00bb global_colors_info=\u00bb{}\u00bb da_is_popup=\u00bboff\u00bb da_exit_intent=\u00bboff\u00bb da_has_close=\u00bbon\u00bb da_alt_close=\u00bboff\u00bb da_dark_close=\u00bboff\u00bb da_not_modal=\u00bbon\u00bb da_is_singular=\u00bboff\u00bb da_with_loader=\u00bboff\u00bb da_has_shadow=\u00bbon\u00bb][et_pb_row _builder_version=\u00bb4.24.2&#8243; _module_preset=\u00bbdefault\u00bb global_colors_info=\u00bb{}\u00bb][et_pb_column type=\u00bb4_4&#8243; _builder_version=\u00bb4.24.2&#8243; _module_preset=\u00bbdefault\u00bb global_colors_info=\u00bb{}\u00bb][et_pb_text _builder_version=\u00bb4.24.2&#8243; _module_preset=\u00bbdefault\u00bb text_text_color=\u00bb#0A0A0A\u00bb text_font_size=\u00bb18px\u00bb header_2_font=\u00bb|700|||||||\u00bb header_2_font_size=\u00bb52px\u00bb header_2_font_size_tablet=\u00bb52px\u00bb header_2_font_size_phone=\u00bb40px\u00bb header_2_font_size_last_edited=\u00bbon|phone\u00bb global_colors_info=\u00bb{}\u00bb]<\/p>\n<h2>La historia de Artentika<\/h2>\n<p>&nbsp;<\/p>\n<p>Nuestro proyecto de investigaci\u00f3n sobre arte comenz\u00f3 en 2008, cuando nos dimos cuenta de que hab\u00eda una necesidad urgente de desarrollar herramientas que ayudaran a proteger el mundo del arte del fraude generalizado. Artentika (Pty) Limited se constituy\u00f3 en Sud\u00e1frica en 2017 e invent\u00f3 una innovadora soluci\u00f3n de autenticaci\u00f3n de obras de arte patentada en Estados Unidos en 2022. Es multimodal y combina varias tecnolog\u00edas de vanguardia en el campo del an\u00e1lisis de im\u00e1genes y materiales con enfoques basados en datos. La Inteligencia Artificial tambi\u00e9n desempe\u00f1a un papel, pero no es una panacea y no se puede confiar en ella de forma aislada. En efecto, el verdadero valor de la ciencia para el \u00e1mbito del arte reside en complementar, no sustituir, la pericia de historiadores del arte, conservadores y tasadores. Hemos sido pioneros en el uso de tecnolog\u00edas innovadoras para descubrir falsificaciones, establecer historiales de propiedad precisos y salvaguardar el valor real de las obras de arte.<\/p>\n<p>[\/et_pb_text][\/et_pb_column][\/et_pb_row][\/et_pb_section][et_pb_section fb_built=\u00bb1&#8243; _builder_version=\u00bb4.24.2&#8243; _module_preset=\u00bbdefault\u00bb background_color=\u00bb#F9FBFD\u00bb custom_padding=\u00bb4px|||||\u00bb da_disable_devices=\u00bboff|off|off\u00bb global_colors_info=\u00bb{}\u00bb da_is_popup=\u00bboff\u00bb da_exit_intent=\u00bboff\u00bb da_has_close=\u00bbon\u00bb da_alt_close=\u00bboff\u00bb da_dark_close=\u00bboff\u00bb da_not_modal=\u00bbon\u00bb da_is_singular=\u00bboff\u00bb da_with_loader=\u00bboff\u00bb da_has_shadow=\u00bbon\u00bb][et_pb_row _builder_version=\u00bb4.24.2&#8243; _module_preset=\u00bbdefault\u00bb global_colors_info=\u00bb{}\u00bb][et_pb_column type=\u00bb4_4&#8243; _builder_version=\u00bb4.24.2&#8243; _module_preset=\u00bbdefault\u00bb global_colors_info=\u00bb{}\u00bb][et_pb_text _builder_version=\u00bb4.24.2&#8243; _module_preset=\u00bbdefault\u00bb text_text_color=\u00bb#0A0A0A\u00bb text_font_size=\u00bb18px\u00bb header_2_font=\u00bb|700|||||||\u00bb header_2_font_size=\u00bb52px\u00bb header_2_font_size_tablet=\u00bb52px\u00bb header_2_font_size_phone=\u00bb40px\u00bb header_2_font_size_last_edited=\u00bbon|desktop\u00bb global_colors_info=\u00bb{}\u00bb]<\/p>\n<h2>El equipo<\/h2>\n<p>&nbsp;<\/p>\n<p>Hemos formado un equipo multidisciplinar de nueve profesionales de talla mundial con una impresionante trayectoria en el campo del arte, la empresa, la cultura y la tecnolog\u00eda. Est\u00e1n preparados para ejecutar nuestro plan de negocio y crear valor para los accionistas. Cuatro de ellos son doctores en diversos campos:<\/p>\n<ul>\n<li>Espectroscopia de im\u00e1genes<\/li>\n<li>Datos hiperespectrales<\/li>\n<li>Qu\u00edmica sint\u00e9tica<\/li>\n<li>Fotogrametr\u00eda<\/li>\n<\/ul>\n<p>Nuestra Jefa Cient\u00edfica del Patrimonio, Carolien Coon, est\u00e1 finalizando su tesis doctoral sobre \u00abFotodegradaci\u00f3n y conservaci\u00f3n basada en la nanotecnolog\u00eda\u00bb.<\/p>\n<p>[\/et_pb_text][\/et_pb_column][\/et_pb_row][\/et_pb_section][et_pb_section fb_built=\u00bb1&#8243; custom_padding_last_edited=\u00bbon|phone\u00bb _builder_version=\u00bb4.24.2&#8243; _module_preset=\u00bbdefault\u00bb background_color=\u00bb#F9FBFD\u00bb custom_padding=\u00bb0px||150px|||\u00bb custom_padding_tablet=\u00bb100px||150px|||\u00bb custom_padding_phone=\u00bb0px||||false|false\u00bb da_disable_devices=\u00bboff|off|off\u00bb border_width_bottom=\u00bb1px\u00bb border_color_bottom=\u00bb#7569CC\u00bb global_colors_info=\u00bb{}\u00bb da_is_popup=\u00bboff\u00bb da_exit_intent=\u00bboff\u00bb da_has_close=\u00bbon\u00bb da_alt_close=\u00bboff\u00bb da_dark_close=\u00bboff\u00bb da_not_modal=\u00bbon\u00bb da_is_singular=\u00bboff\u00bb da_with_loader=\u00bboff\u00bb da_has_shadow=\u00bbon\u00bb][et_pb_row column_structure=\u00bb1_3,1_3,1_3&#8243; _builder_version=\u00bb4.24.2&#8243; _module_preset=\u00bbdefault\u00bb max_width=\u00bb1600px\u00bb global_colors_info=\u00bb{}\u00bb][et_pb_column type=\u00bb1_3&#8243; _builder_version=\u00bb4.24.2&#8243; _module_preset=\u00bbdefault\u00bb custom_padding=\u00bb40px|40px|40px|40px|true|true\u00bb border_width_all=\u00bb2px\u00bb border_color_all=\u00bb#7569CC\u00bb box_shadow_style=\u00bbpreset1&#8243; global_colors_info=\u00bb{}\u00bb transform_styles__hover_enabled=\u00bbon|hover\u00bb transform_scale__hover_enabled=\u00bbon|desktop\u00bb transform_translate__hover_enabled=\u00bbon|hover\u00bb transform_rotate__hover_enabled=\u00bbon|desktop\u00bb transform_skew__hover_enabled=\u00bbon|desktop\u00bb transform_origin__hover_enabled=\u00bbon|desktop\u00bb transform_translate__hover=\u00bb-10px|-10px\u00bb][et_pb_image src=\u00bbhttps:\/\/artentika.art\/wp-content\/uploads\/2024\/03\/Albertus-1024&#215;1024.jpg\u00bb title_text=\u00bbAlbertus\u00bb align=\u00bbcenter\u00bb _builder_version=\u00bb4.24.2&#8243; _module_preset=\u00bbdefault\u00bb max_height=\u00bb328px\u00bb border_radii=\u00bbon|50%|50%|50%|50%\u00bb border_width_all=\u00bb1px\u00bb border_color_all=\u00bb#7569CC\u00bb global_colors_info=\u00bb{}\u00bb filter_saturate__hover_enabled=\u00bboff|desktop\u00bb filter_saturate__hover=\u00bb100%\u00bb][\/et_pb_image][et_pb_text _builder_version=\u00bb4.24.3&#8243; _module_preset=\u00bbdefault\u00bb text_font_size=\u00bb16px\u00bb header_3_font=\u00bb|700|||||||\u00bb header_4_font=\u00bb|600|||||||\u00bb header_4_text_color=\u00bb#7569CC\u00bb header_4_font_size=\u00bb16px\u00bb text_orientation=\u00bbcenter\u00bb global_colors_info=\u00bb{}\u00bb]<\/p>\n<h3>Sr. Albertus Geldenhuys<\/h3>\n<h4>Fundador y Consejero Delegado<\/h4>\n<p>&nbsp;<\/p>\n<p style=\"text-align: left;\">Geldenhuys es licenciado en econom\u00eda, idiomas y etnolog\u00eda. Inform\u00e1tico autodidacta, invent\u00f3, coinvent\u00f3 y patent\u00f3 varias tecnolog\u00edas para detectar y prevenir el fraude, sobre todo en el campo del arte, los productos farmac\u00e9uticos y la biometr\u00eda. La tecnolog\u00eda de autenticaci\u00f3n de obras de arte de Artentika fue concebida y patentada por \u00e9l. Geldenhuys es biling\u00fce en afrikaans e ingl\u00e9s, domina el franc\u00e9s y el alem\u00e1n y habla italiano de forma intermitente.<\/p>\n<p>[\/et_pb_text][\/et_pb_column][et_pb_column type=\u00bb1_3&#8243; _builder_version=\u00bb4.24.2&#8243; _module_preset=\u00bbdefault\u00bb custom_padding=\u00bb40px|40px|40px|40px|true|true\u00bb border_width_all=\u00bb2px\u00bb border_color_all=\u00bb#7569CC\u00bb box_shadow_style=\u00bbpreset1&#8243; global_colors_info=\u00bb{}\u00bb transform_styles__hover_enabled=\u00bbon|hover\u00bb transform_scale__hover_enabled=\u00bbon|desktop\u00bb transform_translate__hover_enabled=\u00bbon|hover\u00bb transform_rotate__hover_enabled=\u00bbon|desktop\u00bb transform_skew__hover_enabled=\u00bbon|desktop\u00bb transform_origin__hover_enabled=\u00bbon|desktop\u00bb transform_translate__hover=\u00bb-10px|-10px\u00bb][et_pb_image src=\u00bbhttps:\/\/artentika.art\/wp-content\/uploads\/2024\/03\/roxanne.jpg\u00bb title_text=\u00bbroxanne\u00bb align=\u00bbcenter\u00bb _builder_version=\u00bb4.24.2&#8243; _module_preset=\u00bbdefault\u00bb max_height=\u00bb328px\u00bb border_radii=\u00bbon|50%|50%|50%|50%\u00bb border_width_all=\u00bb1px\u00bb border_color_all=\u00bb#7569CC\u00bb global_colors_info=\u00bb{}\u00bb filter_saturate__hover_enabled=\u00bboff|desktop\u00bb filter_saturate__hover=\u00bb100%\u00bb][\/et_pb_image][et_pb_text _builder_version=\u00bb4.24.3&#8243; _module_preset=\u00bbdefault\u00bb text_font_size=\u00bb16px\u00bb header_3_font=\u00bb|700|||||||\u00bb header_4_font=\u00bb|600|||||||\u00bb header_4_text_color=\u00bb#7569CC\u00bb header_4_font_size=\u00bb16px\u00bb text_orientation=\u00bbcenter\u00bb global_colors_info=\u00bb{}\u00bb]<\/p>\n<h3>Profesora Roxanne Radpour<\/h3>\n<h4>Asesor tecnol\u00f3gico de arte<\/h4>\n<p>&nbsp;<\/p>\n<p style=\"text-align: left;\">El Prof. Radpour es especialista en espectroscopia de imagen y tecnolog\u00edas de detecci\u00f3n qu\u00edmica y f\u00edsica no destructivas. Durante m\u00e1s de 10 a\u00f1os sus investigaciones se han centrado en la investigaci\u00f3n, el desarrollo y la aplicaci\u00f3n de sistemas de im\u00e1genes, ciencia de datos y an\u00e1lisis cient\u00edfico de diversos tipos de patrimonio cultural. Su trabajo en la ciencia de la conservaci\u00f3n, la historia t\u00e9cnica del arte y la arqueometr\u00eda ayuda a comprender mejor el patrimonio material y nos permite responder a las consultas sobre conservaci\u00f3n de obras de arte. Tambi\u00e9n utiliza su investigaci\u00f3n como medio para implicar y ense\u00f1ar a estudiantes de ciencias, ingenier\u00eda y conservaci\u00f3n del arte.<\/p>\n<p>[\/et_pb_text][\/et_pb_column][et_pb_column type=\u00bb1_3&#8243; _builder_version=\u00bb4.24.2&#8243; _module_preset=\u00bbdefault\u00bb custom_padding=\u00bb40px|40px|40px|40px|true|true\u00bb border_width_all=\u00bb2px\u00bb border_color_all=\u00bb#7569CC\u00bb box_shadow_style=\u00bbpreset1&#8243; global_colors_info=\u00bb{}\u00bb transform_styles__hover_enabled=\u00bbon|hover\u00bb transform_scale__hover_enabled=\u00bbon|desktop\u00bb transform_translate__hover_enabled=\u00bbon|hover\u00bb transform_rotate__hover_enabled=\u00bbon|desktop\u00bb transform_skew__hover_enabled=\u00bbon|desktop\u00bb transform_origin__hover_enabled=\u00bbon|desktop\u00bb transform_translate__hover=\u00bb-10px|-10px\u00bb][et_pb_image src=\u00bbhttps:\/\/artentika.art\/wp-content\/uploads\/2024\/03\/Sixtine.jpg\u00bb title_text=\u00bbSixtine\u00bb align=\u00bbcenter\u00bb _builder_version=\u00bb4.24.2&#8243; _module_preset=\u00bbdefault\u00bb max_height=\u00bb328px\u00bb border_radii=\u00bbon|50%|50%|50%|50%\u00bb border_width_all=\u00bb1px\u00bb border_color_all=\u00bb#7569CC\u00bb global_colors_info=\u00bb{}\u00bb filter_saturate__hover_enabled=\u00bboff|desktop\u00bb filter_saturate__hover=\u00bb100%\u00bb][\/et_pb_image][et_pb_text _builder_version=\u00bb4.24.3&#8243; _module_preset=\u00bbdefault\u00bb text_font_size=\u00bb16px\u00bb header_3_font=\u00bb|700|||||||\u00bb header_4_font=\u00bb|600|||||||\u00bb header_4_text_color=\u00bb#7569CC\u00bb header_4_font_size=\u00bb16px\u00bb text_orientation=\u00bbcenter\u00bb global_colors_info=\u00bb{}\u00bb]<\/p>\n<h3>Sra. Sixtine Crutchfield<\/h3>\n<h4>Ejecutivo de comercio de arte<\/h4>\n<p>&nbsp;<\/p>\n<p style=\"text-align: left;\">Una figura reconocida en el mundo de las Bellas Artes con m\u00e1s de 25 a\u00f1os de experiencia. Se licenci\u00f3 en Comunicaci\u00f3n de Masas, incluyendo Historia del Arte e Historia del Teatro, en la Universidad de Denver. Su primer trabajo fue en la mundialmente famosa galer\u00eda Jan Krugier de Ginebra, donde se convirti\u00f3 en una experta marchante de arte. Tras trasladarse a Australia, se licenci\u00f3 en Derecho Mercantil por la Universidad de Sydney. En 2003, Krugier la invit\u00f3 a convertirse en Directora General de su galer\u00eda. Tambi\u00e9n dirigi\u00f3 el Art Culture Studio de Yves Bouvier, la empresa que organiz\u00f3 la Feria Mundial de Bellas Artes de Mosc\u00fa en 2004. Habla con fluidez ingl\u00e9s, franc\u00e9s y alem\u00e1n.<\/p>\n<p>[\/et_pb_text][\/et_pb_column][\/et_pb_row][et_pb_row column_structure=\u00bb1_3,1_3,1_3&#8243; _builder_version=\u00bb4.24.2&#8243; _module_preset=\u00bbdefault\u00bb max_width=\u00bb1600px\u00bb global_colors_info=\u00bb{}\u00bb][et_pb_column type=\u00bb1_3&#8243; _builder_version=\u00bb4.24.2&#8243; _module_preset=\u00bbdefault\u00bb custom_padding=\u00bb40px|40px|40px|40px|true|true\u00bb border_width_all=\u00bb2px\u00bb border_color_all=\u00bb#7569CC\u00bb box_shadow_style=\u00bbpreset1&#8243; global_colors_info=\u00bb{}\u00bb transform_styles__hover_enabled=\u00bbon|hover\u00bb transform_scale__hover_enabled=\u00bbon|desktop\u00bb transform_translate__hover_enabled=\u00bbon|hover\u00bb transform_rotate__hover_enabled=\u00bbon|desktop\u00bb transform_skew__hover_enabled=\u00bbon|desktop\u00bb transform_origin__hover_enabled=\u00bbon|desktop\u00bb transform_translate__hover=\u00bb-10px|-10px\u00bb][et_pb_image src=\u00bbhttps:\/\/artentika.art\/wp-content\/uploads\/2024\/03\/tanya.jpg\u00bb title_text=\u00bbtanya\u00bb align=\u00bbcenter\u00bb _builder_version=\u00bb4.24.2&#8243; _module_preset=\u00bbdefault\u00bb max_height=\u00bb328px\u00bb border_radii=\u00bbon|50%|50%|50%|50%\u00bb border_width_all=\u00bb1px\u00bb border_color_all=\u00bb#7569CC\u00bb global_colors_info=\u00bb{}\u00bb filter_saturate__hover_enabled=\u00bboff|desktop\u00bb filter_saturate__hover=\u00bb100%\u00bb][\/et_pb_image][et_pb_text _builder_version=\u00bb4.24.3&#8243; _module_preset=\u00bbdefault\u00bb text_font_size=\u00bb16px\u00bb header_3_font=\u00bb|700|||||||\u00bb header_4_font=\u00bb|600|||||||\u00bb header_4_text_color=\u00bb#7569CC\u00bb header_4_font_size=\u00bb16px\u00bb text_orientation=\u00bbcenter\u00bb global_colors_info=\u00bb{}\u00bb]<\/p>\n<h3>Dra. Tania Kleynhans<\/h3>\n<h4>Jefe Cient\u00edfico<\/h4>\n<p>&nbsp;<\/p>\n<p style=\"text-align: left;\">Experto en datos hiperespectrales y aprendizaje autom\u00e1tico. Es coinventora de la soluci\u00f3n de autenticaci\u00f3n de obras de arte de Artentika. Kleynhans tambi\u00e9n se centra en la teledetecci\u00f3n y sus aplicaciones en diversos campos, como la ciencia del patrimonio y la vigilancia del medio ambiente. Es autora de numerosas publicaciones y ha presentado su trabajo en conferencias por todo el mundo. Sus intereses de investigaci\u00f3n incluyen el desarrollo de sistemas de im\u00e1genes multiespectrales de bajo coste para el an\u00e1lisis de pigmentos en obras de arte, la recuperaci\u00f3n de documentos hist\u00f3ricos da\u00f1ados o descoloridos y la validaci\u00f3n de datos de temperatura de la superficie procedentes de sensores por sat\u00e9lite. Kleynhans habla afrikaans e ingl\u00e9s con fluidez.<\/p>\n<p>[\/et_pb_text][\/et_pb_column][et_pb_column type=\u00bb1_3&#8243; _builder_version=\u00bb4.24.2&#8243; _module_preset=\u00bbdefault\u00bb custom_padding=\u00bb40px|40px|40px|40px|true|true\u00bb border_width_all=\u00bb2px\u00bb border_color_all=\u00bb#7569CC\u00bb box_shadow_style=\u00bbpreset1&#8243; global_colors_info=\u00bb{}\u00bb transform_styles__hover_enabled=\u00bbon|hover\u00bb transform_scale__hover_enabled=\u00bbon|desktop\u00bb transform_translate__hover_enabled=\u00bbon|hover\u00bb transform_rotate__hover_enabled=\u00bbon|desktop\u00bb transform_skew__hover_enabled=\u00bbon|desktop\u00bb transform_origin__hover_enabled=\u00bbon|desktop\u00bb transform_translate__hover=\u00bb-10px|-10px\u00bb][et_pb_image src=\u00bbhttps:\/\/artentika.art\/wp-content\/uploads\/2024\/03\/Walter-1.png\u00bb title_text=\u00bbWalter\u00bb align=\u00bbcenter\u00bb _builder_version=\u00bb4.24.2&#8243; _module_preset=\u00bbdefault\u00bb min_height=\u00bb328px\u00bb min_height_tablet=\u00bb328px\u00bb min_height_phone=\u00bb100px\u00bb min_height_last_edited=\u00bbon|phone\u00bb max_height=\u00bb328px\u00bb border_radii=\u00bbon|50%|50%|50%|50%\u00bb border_width_all=\u00bb1px\u00bb border_color_all=\u00bb#7569CC\u00bb global_colors_info=\u00bb{}\u00bb filter_saturate__hover_enabled=\u00bboff|desktop\u00bb filter_saturate__hover=\u00bb100%\u00bb][\/et_pb_image][et_pb_text _builder_version=\u00bb4.24.3&#8243; _module_preset=\u00bbdefault\u00bb text_font_size=\u00bb16px\u00bb header_3_font=\u00bb|700|||||||\u00bb header_4_font=\u00bb|600|||||||\u00bb header_4_text_color=\u00bb#7569CC\u00bb header_4_font_size=\u00bb16px\u00bb text_orientation=\u00bbcenter\u00bb global_colors_info=\u00bb{}\u00bb]<\/p>\n<h3>Sr. Walter Heymans<\/h3>\n<h4>Cient\u00edfico jefe de IA<\/h4>\n<p>&nbsp;<\/p>\n<p style=\"text-align: left;\">Tiene un m\u00e1ster (cum laude) en Ingenier\u00eda Inform\u00e1tica y es experto en redes generativas adversariales (GAN), reconocimiento autom\u00e1tico del habla y visi\u00f3n por ordenador. Heymans participa activamente en el perfeccionamiento de nuestras tecnolog\u00edas de autenticaci\u00f3n y ha desarrollado la soluci\u00f3n de verificaci\u00f3n One2One\u00a9. Es biling\u00fce en afrikaans e ingl\u00e9s.<\/p>\n<p>[\/et_pb_text][\/et_pb_column][et_pb_column type=\u00bb1_3&#8243; _builder_version=\u00bb4.24.2&#8243; _module_preset=\u00bbdefault\u00bb custom_padding=\u00bb40px|40px|40px|40px|true|true\u00bb border_width_all=\u00bb2px\u00bb border_color_all=\u00bb#7569CC\u00bb box_shadow_style=\u00bbpreset1&#8243; global_colors_info=\u00bb{}\u00bb transform_styles__hover_enabled=\u00bbon|hover\u00bb transform_scale__hover_enabled=\u00bbon|desktop\u00bb transform_translate__hover_enabled=\u00bbon|hover\u00bb transform_rotate__hover_enabled=\u00bbon|desktop\u00bb transform_skew__hover_enabled=\u00bbon|desktop\u00bb transform_origin__hover_enabled=\u00bbon|desktop\u00bb transform_translate__hover=\u00bb-10px|-10px\u00bb][et_pb_image src=\u00bbhttps:\/\/artentika.art\/wp-content\/uploads\/2024\/03\/Fred-1.jpg\u00bb title_text=\u00bbFred\u00bb align=\u00bbcenter\u00bb _builder_version=\u00bb4.24.2&#8243; _module_preset=\u00bbdefault\u00bb min_height_tablet=\u00bb328px\u00bb min_height_phone=\u00bb100px\u00bb min_height_last_edited=\u00bboff|phone\u00bb max_height=\u00bb328px\u00bb border_radii=\u00bbon|50%|50%|50%|50%\u00bb border_width_all=\u00bb1px\u00bb border_color_all=\u00bb#7569CC\u00bb global_colors_info=\u00bb{}\u00bb filter_saturate__hover_enabled=\u00bboff|desktop\u00bb filter_saturate__hover=\u00bb100%\u00bb][\/et_pb_image][et_pb_text _builder_version=\u00bb4.24.3&#8243; _module_preset=\u00bbdefault\u00bb text_font_size=\u00bb16px\u00bb header_3_font=\u00bb|700|||||||\u00bb header_4_font=\u00bb|600|||||||\u00bb header_4_text_color=\u00bb#7569CC\u00bb header_4_font_size=\u00bb16px\u00bb text_orientation=\u00bbcenter\u00bb global_colors_info=\u00bb{}\u00bb]<\/p>\n<h3>Dr. Fred Scott<\/h3>\n<h4>Ejecutivo de autenticaci\u00f3n de obras de arte<\/h4>\n<p>&nbsp;<\/p>\n<p style=\"text-align: left;\">Es un asesor de arte y comisario de renombre internacional que cuenta entre sus clientes con importantes instituciones y empresas. Adem\u00e1s de su formaci\u00f3n cient\u00edfica y de ser becario Max Planck, est\u00e1 considerado uno de los 40 mejores evaluadores de arte del mundo. A Fred se le ha confiado el montaje de importantes carteras de arte privadas y corporativas y posee una excepcional colecci\u00f3n de arte personal. Es biling\u00fce en ingl\u00e9s y afrikaans, y domina la lectura en franc\u00e9s y alem\u00e1n.<\/p>\n<p>[\/et_pb_text][\/et_pb_column][\/et_pb_row][et_pb_row column_structure=\u00bb1_3,1_3,1_3&#8243; _builder_version=\u00bb4.24.2&#8243; _module_preset=\u00bbdefault\u00bb max_width=\u00bb1600px\u00bb global_colors_info=\u00bb{}\u00bb][et_pb_column type=\u00bb1_3&#8243; _builder_version=\u00bb4.24.2&#8243; _module_preset=\u00bbdefault\u00bb custom_padding=\u00bb40px|40px|40px|40px|true|true\u00bb border_width_all=\u00bb2px\u00bb border_color_all=\u00bb#7569CC\u00bb box_shadow_style=\u00bbpreset1&#8243; global_colors_info=\u00bb{}\u00bb transform_styles__hover_enabled=\u00bbon|hover\u00bb transform_scale__hover_enabled=\u00bbon|desktop\u00bb transform_translate__hover_enabled=\u00bbon|hover\u00bb transform_rotate__hover_enabled=\u00bbon|desktop\u00bb transform_skew__hover_enabled=\u00bbon|desktop\u00bb transform_origin__hover_enabled=\u00bbon|desktop\u00bb transform_translate__hover=\u00bb-10px|-10px\u00bb][et_pb_image src=\u00bbhttps:\/\/artentika.art\/wp-content\/uploads\/2024\/05\/Portrait_QUELLENBERG-1-scaled.jpg\u00bb title_text=\u00bbRetrato_QUELLENBERG\u00bb align=\u00bbcenter\u00bb _builder_version=\u00bb4.24.3&#8243; _module_preset=\u00bbdefault\u00bb min_height=\u00bb328px\u00bb min_height_tablet=\u00bb328px\u00bb min_height_phone=\u00bb100px\u00bb min_height_last_edited=\u00bbon|phone\u00bb max_height=\u00bb328px\u00bb border_radii=\u00bbon|50%|50%|50%|50%\u00bb border_width_all=\u00bb1px\u00bb border_color_all=\u00bb#7569CC\u00bb global_colors_info=\u00bb{}\u00bb filter_saturate__hover_enabled=\u00bboff|desktop\u00bb filter_saturate__hover=\u00bb100%\u00bb][\/et_pb_image][et_pb_text _builder_version=\u00bb4.24.3&#8243; _module_preset=\u00bbdefault\u00bb text_font_size=\u00bb16px\u00bb header_3_font=\u00bb|700|||||||\u00bb header_4_font=\u00bb|600|||||||\u00bb header_4_text_color=\u00bb#7569CC\u00bb header_4_font_size=\u00bb16px\u00bb text_orientation=\u00bbcenter\u00bb global_colors_info=\u00bb{}\u00bb]<\/p>\n<h3>Sr. Bj\u00f6rn Quellenberg<\/h3>\n<h4><span style=\"color: #7569cc;\">Asesor Ejecutivo<\/span><\/h4>\n<p>&nbsp;<\/p>\n<p style=\"text-align: left;\">Experimentado profesional de la comunicaci\u00f3n y el marketing, Bj\u00f6rn Quellenberg aporta m\u00e1s de 20 a\u00f1os de experiencia a Artentika tras dirigir la estrategia de comunicaci\u00f3n de Kunsthaus Z\u00fcrich. Pensador estrat\u00e9gico y h\u00e1bil comunicador, Bj\u00f6rn tiene un historial demostrado de creaci\u00f3n de relaciones s\u00f3lidas con las partes interesadas y de obtenci\u00f3n de resultados impactantes. Bj\u00f6rn tiene un MBA en Comunicaci\u00f3n y Liderazgo, un m\u00e1ster en Ciencias de la Cultura y una licenciatura en Econom\u00eda de los Medios y Ciencias de la Comunicaci\u00f3n. Habla con fluidez alem\u00e1n, ingl\u00e9s y franc\u00e9s.<\/p>\n<p>[\/et_pb_text][\/et_pb_column][et_pb_column type=\u00bb1_3&#8243; _builder_version=\u00bb4.24.2&#8243; _module_preset=\u00bbdefault\u00bb custom_padding=\u00bb40px|40px|40px|40px|true|true\u00bb border_width_all=\u00bb2px\u00bb border_color_all=\u00bb#7569CC\u00bb box_shadow_style=\u00bbpreset1&#8243; global_colors_info=\u00bb{}\u00bb transform_styles__hover_enabled=\u00bbon|hover\u00bb transform_scale__hover_enabled=\u00bbon|desktop\u00bb transform_translate__hover_enabled=\u00bbon|hover\u00bb transform_rotate__hover_enabled=\u00bbon|desktop\u00bb transform_skew__hover_enabled=\u00bbon|desktop\u00bb transform_origin__hover_enabled=\u00bbon|desktop\u00bb transform_translate__hover=\u00bb-10px|-10px\u00bb][et_pb_image src=\u00bbhttps:\/\/artentika.art\/wp-content\/uploads\/2024\/03\/Carolien-transformed-removebg-preview.png\u00bb title_text=\u00bbCarolien-transformed-removebg-preview\u00bb align=\u00bbcenter\u00bb _builder_version=\u00bb4.24.2&#8243; _module_preset=\u00bbdefault\u00bb min_height=\u00bb328px\u00bb min_height_tablet=\u00bb328px\u00bb min_height_phone=\u00bb100px\u00bb min_height_last_edited=\u00bbon|phone\u00bb max_height=\u00bb328px\u00bb border_radii=\u00bbon|50%|50%|50%|50%\u00bb border_width_all=\u00bb1px\u00bb border_color_all=\u00bb#7569CC\u00bb global_colors_info=\u00bb{}\u00bb filter_saturate__hover_enabled=\u00bboff|desktop\u00bb filter_saturate__hover=\u00bb100%\u00bb][\/et_pb_image][et_pb_text _builder_version=\u00bb4.24.3&#8243; _module_preset=\u00bbdefault\u00bb text_font_size=\u00bb16px\u00bb header_3_font=\u00bb|700|||||||\u00bb header_4_font=\u00bb|600|||||||\u00bb header_4_text_color=\u00bb#7569CC\u00bb header_4_font_size=\u00bb16px\u00bb text_orientation=\u00bbcenter\u00bb global_colors_info=\u00bb{}\u00bb]<\/p>\n<h3>Sra. Carolien Coon<\/h3>\n<h4>Cient\u00edfico Jefe de Patrimonio<\/h4>\n<p>&nbsp;<\/p>\n<p style=\"text-align: left;\">Un reputado conservador con 15 a\u00f1os de experiencia profesional. Es estudiante de doctorado en el University College de Londres y el t\u00edtulo de su proyecto es \u00abFotodegradaci\u00f3n y conservaci\u00f3n basada en nanotecnolog\u00eda de materiales RP (prototipado r\u00e1pido) (Nanorestart)\u00bb. Coon tambi\u00e9n est\u00e1 desarrollando un m\u00e9todo (microfading) para identificar r\u00e1pidamente objetos fotosensibles RP. Es biling\u00fce en ingl\u00e9s y afrikaans.<\/p>\n<p>[\/et_pb_text][\/et_pb_column][et_pb_column type=\u00bb1_3&#8243; _builder_version=\u00bb4.24.2&#8243; _module_preset=\u00bbdefault\u00bb custom_padding=\u00bb40px|40px|40px|40px|true|true\u00bb border_width_all=\u00bb2px\u00bb border_color_all=\u00bb#7569CC\u00bb box_shadow_style=\u00bbpreset1&#8243; global_colors_info=\u00bb{}\u00bb transform_styles__hover_enabled=\u00bbon|hover\u00bb transform_scale__hover_enabled=\u00bbon|desktop\u00bb transform_translate__hover_enabled=\u00bbon|hover\u00bb transform_rotate__hover_enabled=\u00bbon|desktop\u00bb transform_skew__hover_enabled=\u00bbon|desktop\u00bb transform_origin__hover_enabled=\u00bbon|desktop\u00bb transform_translate__hover=\u00bb-10px|-10px\u00bb][et_pb_image src=\u00bbhttps:\/\/artentika.art\/wp-content\/uploads\/2024\/03\/IMG_8715-removebg-preview.png\u00bb title_text=\u00bbIMG_8715-removebg-preview\u00bb align=\u00bbcenter\u00bb _builder_version=\u00bb4.24.2&#8243; _module_preset=\u00bbdefault\u00bb min_height=\u00bb328px\u00bb min_height_tablet=\u00bb328px\u00bb min_height_phone=\u00bb100px\u00bb min_height_last_edited=\u00bbon|phone\u00bb max_height=\u00bb328px\u00bb border_radii=\u00bbon|50%|50%|50%|50%\u00bb border_width_all=\u00bb1px\u00bb border_color_all=\u00bb#7569CC\u00bb global_colors_info=\u00bb{}\u00bb filter_saturate__hover_enabled=\u00bboff|desktop\u00bb filter_saturate__hover=\u00bb100%\u00bb][\/et_pb_image][et_pb_text _builder_version=\u00bb4.24.3&#8243; _module_preset=\u00bbdefault\u00bb text_font_size=\u00bb16px\u00bb header_3_font=\u00bb|700|||||||\u00bb header_4_font=\u00bb|600|||||||\u00bb header_4_text_color=\u00bb#7569CC\u00bb header_4_font_size=\u00bb16px\u00bb text_orientation=\u00bbcenter\u00bb global_colors_info=\u00bb{}\u00bb]<\/p>\n<h3>Sra. Margreta de Boer<\/h3>\n<h4>Secretario de empresa<\/h4>\n<p>&nbsp;<\/p>\n<p style=\"text-align: left;\">Durante m\u00e1s de 24 a\u00f1os ocup\u00f3 altos cargos en la banca de Suiza, Bahamas y Malta. Entre otras cosas, tiene experiencia en diligencia debida, cumplimiento, asignaci\u00f3n de activos y fondos de inversi\u00f3n. Habla con fluidez neerland\u00e9s, ingl\u00e9s, italiano y alem\u00e1n.<\/p>\n<p>[\/et_pb_text][\/et_pb_column][\/et_pb_row][et_pb_row column_structure=\u00bb1_3,1_3,1_3&#8243; _builder_version=\u00bb4.24.3&#8243; _module_preset=\u00bbdefault\u00bb max_width=\u00bb1600px\u00bb hover_enabled=\u00bb0&#8243; global_colors_info=\u00bb{}\u00bb sticky_enabled=\u00bb0&#8243;][et_pb_column type=\u00bb1_3&#8243; disabled_on=\u00bboff|off|off\u00bb _builder_version=\u00bb4.24.3&#8243; _module_preset=\u00bbdefault\u00bb custom_padding=\u00bb40px|40px|40px|40px|true|true\u00bb border_width_all=\u00bb2px\u00bb border_color_all=\u00bb#7569CC\u00bb box_shadow_style=\u00bbpreset1&#8243; global_colors_info=\u00bb{}\u00bb transform_styles__hover_enabled=\u00bbon|hover\u00bb transform_scale__hover_enabled=\u00bbon|desktop\u00bb transform_translate__hover=\u00bb-10px|-10px\u00bb transform_translate__hover_enabled=\u00bbon|hover\u00bb transform_rotate__hover_enabled=\u00bbon|desktop\u00bb transform_skew__hover_enabled=\u00bbon|desktop\u00bb transform_origin__hover_enabled=\u00bbon|desktop\u00bb][et_pb_image src=\u00bbhttps:\/\/artentika.art\/wp-content\/uploads\/2024\/03\/NvdM-scaled.jpg\u00bb title_text=\u00bbNvdM\u00bb align=\u00bbcenter\u00bb _builder_version=\u00bb4.24.2&#8243; _module_preset=\u00bbdefault\u00bb max_height=\u00bb328px\u00bb border_radii=\u00bbon|50%|50%|50%|50%\u00bb border_width_all=\u00bb1px\u00bb border_color_all=\u00bb#7569CC\u00bb global_colors_info=\u00bb{}\u00bb filter_saturate__hover_enabled=\u00bboff|desktop\u00bb filter_saturate__hover=\u00bb100%\u00bb][\/et_pb_image][et_pb_text _builder_version=\u00bb4.24.3&#8243; _module_preset=\u00bbdefault\u00bb text_font_size=\u00bb16px\u00bb header_3_font=\u00bb|700|||||||\u00bb header_4_font=\u00bb|600|||||||\u00bb header_4_text_color=\u00bb#7569CC\u00bb header_4_font_size=\u00bb16px\u00bb text_orientation=\u00bbcenter\u00bb global_colors_info=\u00bb{}\u00bb]<\/p>\n<h3>Dr. Nick van der Merwe<\/h3>\n<h4>Jefe de Tecnolog\u00eda<\/h4>\n<p>&nbsp;<\/p>\n<p style=\"text-align: left;\">Es Doctor en Ingenier\u00eda y un ferviente amante del arte. Su tesis versa sobre un esquema de correspondencia de im\u00e1genes para su uso en el campo de la fotogrametr\u00eda de corto alcance. Van der Merwe tiene amplios conocimientos y experiencia en procesamiento de im\u00e1genes, biometr\u00eda, tarjetas inteligentes, PKI, RFID y seguridad de la informaci\u00f3n. Se dedica a la verificaci\u00f3n, conservaci\u00f3n y restauraci\u00f3n de obras de arte. Van der Merwe es biling\u00fce en ingl\u00e9s y afrikaans.<\/p>\n<p>[\/et_pb_text][\/et_pb_column][et_pb_column type=\u00bb1_3&#8243; _builder_version=\u00bb4.24.3&#8243; _module_preset=\u00bbdefault\u00bb custom_padding=\u00bb40px|40px|40px|40px|true|true\u00bb border_color_all=\u00bb#7569CC\u00bb global_colors_info=\u00bb{}\u00bb transform_styles__hover_enabled=\u00bbon|hover\u00bb disabled_on=\u00bboff|off|off\u00bb border_width_all=\u00bb2px\u00bb box_shadow_style=\u00bbpreset1&#8243; transform_scale__hover_enabled=\u00bbon|desktop\u00bb transform_translate__hover=\u00bb-10px|-10px\u00bb transform_translate__hover_enabled=\u00bbon|hover\u00bb transform_rotate__hover_enabled=\u00bbon|desktop\u00bb transform_skew__hover_enabled=\u00bbon|desktop\u00bb transform_origin__hover_enabled=\u00bbon|desktop\u00bb][et_pb_image src=\u00bbhttps:\/\/artentika.art\/wp-content\/uploads\/2024\/06\/CV-photo.jpeg\u00bb title_text=\u00bbCV foto\u00bb align=\u00bbcenter\u00bb _builder_version=\u00bb4.24.3&#8243; _module_preset=\u00bbdefault\u00bb max_height=\u00bb328px\u00bb hover_enabled=\u00bb0&#8243; border_radii=\u00bbon|50%|50%|50%|50%\u00bb border_width_all=\u00bb1px\u00bb border_color_all=\u00bb#7569CC\u00bb global_colors_info=\u00bb{}\u00bb filter_saturate__hover_enabled=\u00bboff|desktop\u00bb filter_saturate__hover=\u00bb100%\u00bb locked=\u00bboff\u00bb sticky_enabled=\u00bb0&#8243;][\/et_pb_image][et_pb_text _builder_version=\u00bb4.24.3&#8243; _module_preset=\u00bbdefault\u00bb text_font_size=\u00bb16px\u00bb header_3_font=\u00bb|700|||||||\u00bb header_4_font=\u00bb|600|||||||\u00bb header_4_text_color=\u00bb#7569CC\u00bb header_4_font_size=\u00bb16px\u00bb text_orientation=\u00bbcenter\u00bb hover_enabled=\u00bb0&#8243; global_colors_info=\u00bb{}\u00bb locked=\u00bboff\u00bb sticky_enabled=\u00bb0&#8243;]<\/p>\n<h3>Sr. Albi Geldenhuys<\/h3>\n<h4>Directora de Medios Sociales e Investigaci\u00f3n en Historia del Arte<\/h4>\n<p>&nbsp;<\/p>\n<p style=\"text-align: left;\">Geldenhuys estudia actualmente Administraci\u00f3n de Empresas y Alem\u00e1n en la Open University de Londres. Desde 2021, Albi participa activamente en Artentika en la investigaci\u00f3n hist\u00f3rica del arte y en 2024 asumi\u00f3 la responsabilidad del desarrollo y mantenimiento del sitio web de Artentika. Es competente en Python, HTML y CSS, y avanzado en WordPress. Habla con fluidez italiano, ingl\u00e9s y afrikaans, y un nivel intermedio alto de alem\u00e1n y franc\u00e9s.<\/p>\n<p>[\/et_pb_text][\/et_pb_column][et_pb_column type=\u00bb1_3&#8243; _builder_version=\u00bb4.24.3&#8243; _module_preset=\u00bbdefault\u00bb custom_padding=\u00bb0px|40px|0px|40px|true|true\u00bb border_color_all=\u00bb#7569CC\u00bb global_colors_info=\u00bb{}\u00bb transform_styles__hover_enabled=\u00bbon|hover\u00bb transform_scale__hover_enabled=\u00bbon|desktop\u00bb transform_translate__hover=\u00bb-10px|-10px\u00bb transform_translate__hover_enabled=\u00bbon|hover\u00bb transform_rotate__hover_enabled=\u00bbon|desktop\u00bb transform_skew__hover_enabled=\u00bbon|desktop\u00bb transform_origin__hover_enabled=\u00bbon|desktop\u00bb][\/et_pb_column][\/et_pb_row][et_pb_row _builder_version=\u00bb4.24.2&#8243; _module_preset=\u00bbdefault\u00bb custom_margin=\u00bb-2px|auto||auto||\u00bb locked=\u00bboff\u00bb global_colors_info=\u00bb{}\u00bb][et_pb_column type=\u00bb4_4&#8243; _builder_version=\u00bb4.24.2&#8243; _module_preset=\u00bbdefault\u00bb custom_padding=\u00bb40px|40px|40px|40px|true|true\u00bb border_color_all=\u00bb#7569CC\u00bb global_colors_info=\u00bb{}\u00bb][et_pb_text _builder_version=\u00bb4.24.2&#8243; _module_preset=\u00bbdefault\u00bb header_4_font=\u00bb|600|||||||\u00bb header_4_text_align=\u00bbcenter\u00bb header_4_font_size=\u00bb32px\u00bb text_orientation=\u00bbcenter\u00bb global_colors_info=\u00bb{}\u00bb]<\/p>\n<h4>\u00bfLe interesa <span style=\"color: #2d73c8;\">trabajar<\/span> <span style=\"color: #2d73c8;\">con nosotros<\/span>?<\/h4>\n<div id=\"gtx-trans\" style=\"position: absolute; left: 146px; top: -4.73438px;\">\n<div class=\"gtx-trans-icon\"><\/div>\n<\/div>\n<p>[\/et_pb_text][et_pb_button button_url=\u00bbhttps:\/\/artentika.art\/es\/pongase-en-contacto-con\/\u00bb button_text=\u00bbConcierte una consulta gratuita\u00bb button_alignment=\u00bbcenter\u00bb _builder_version=\u00bb4.24.2&#8243; _module_preset=\u00bbdefault\u00bb custom_button=\u00bbon\u00bb button_text_size=\u00bb22px\u00bb button_text_color=\u00bb#FFFFFE\u00bb button_bg_color=\u00bb#2D73C8&#8243; button_border_width=\u00bb0px\u00bb button_border_color=\u00bbRGBA(255,255,255,0)\u00bb button_border_radius=\u00bb14px\u00bb button_icon=\u00bb&#x3d;||divi||400&#8243; custom_padding=\u00bb9px||9px||true|false\u00bb global_colors_info=\u00bb{}\u00bb][\/et_pb_button][\/et_pb_column][\/et_pb_row][\/et_pb_section]<\/p>\n","protected":false},"excerpt":{"rendered":"<p>Qui\u00e9nes somosLa historia de Artentika &nbsp; Nuestro proyecto de investigaci\u00f3n sobre arte comenz\u00f3 en 2008, cuando nos dimos cuenta de que hab\u00eda una necesidad urgente de desarrollar herramientas que ayudaran a proteger el mundo del arte del fraude generalizado. Artentika (Pty) Limited se constituy\u00f3 en Sud\u00e1frica en 2017 e invent\u00f3 una innovadora soluci\u00f3n de autenticaci\u00f3n [&hellip;]<\/p>\n","protected":false},"author":1,"featured_media":0,"parent":0,"menu_order":0,"comment_status":"closed","ping_status":"closed","template":"","meta":{"_et_pb_use_builder":"on","_et_pb_old_content":"","_et_gb_content_width":"","footnotes":""},"class_list":["post-30693","page","type-page","status-publish","hentry"],"_links":{"self":[{"href":"https:\/\/artentika.art\/es\/wp-json\/wp\/v2\/pages\/30693","targetHints":{"allow":["GET"]}}],"collection":[{"href":"https:\/\/artentika.art\/es\/wp-json\/wp\/v2\/pages"}],"about":[{"href":"https:\/\/artentika.art\/es\/wp-json\/wp\/v2\/types\/page"}],"author":[{"embeddable":true,"href":"https:\/\/artentika.art\/es\/wp-json\/wp\/v2\/users\/1"}],"replies":[{"embeddable":true,"href":"https:\/\/artentika.art\/es\/wp-json\/wp\/v2\/comments?post=30693"}],"version-history":[{"count":17,"href":"https:\/\/artentika.art\/es\/wp-json\/wp\/v2\/pages\/30693\/revisions"}],"predecessor-version":[{"id":32518,"href":"https:\/\/artentika.art\/es\/wp-json\/wp\/v2\/pages\/30693\/revisions\/32518"}],"wp:attachment":[{"href":"https:\/\/artentika.art\/es\/wp-json\/wp\/v2\/media?parent=30693"}],"curies":[{"name":"wp","href":"https:\/\/api.w.org\/{rel}","templated":true}]}}